{"articles":[{"classes":["outercol"],"isFavourite":false,"isExternalUrl":{"articleLink":false},"articleListButtonsData":{"buttonsList":[{"label":"Les mer","url":"\/?id=112171&Article=4830","type":"readmore"}],"mode":"default"},"favouriteType":null,"mnu":null,"section":null,"displayId":true,"docId":4830,"identifier":"4830Article","docType":"Article","customDate":false,"teaserData":{"teaserText":"","mode":"default"},"content":{"teaser":"","intro":"H\u00f8sten byr p\u00e5 en helt egen stemning \u2013 frisk luft, kortere dager, sprakende farger i skogen og et rikt mangfold av sopp. En av de mest popul\u00e6re soppene er kantarellen \u2013 \u00abskogens gull\u00bb. Den er ikke bare velsmakende, men ogs\u00e5 forholdsvis enkel \u00e5 kjenne igjen for nybegynnere."},"titles":{"main":"Soppglede i Saltdal  \ud83c\udf42","readMoreButton":"Les mer"},"urls":{"readMore":"\/?id=112171&Article=4830","booking":null},"created":{"date":"16.09.2025","time":"11:44","timestamp":1758015840},"introAllowHtml":false,"hasTicket":false,"extra":null,"hasReadMore":true,"media":{"imageData":{"path":"\/sites\/v\/visitsaltdal.com\/files\/2025\/09\/kantarell1.jpg","width":3024,"height":4032,"aspectRatio":0.75},"previewImageUrl":"\/sites\/v\/visitsaltdal.com\/files\/2025\/09\/kantarell1.jpg?cropToFit=100x59&quality=50","imageVariants":[{"path":"\/sites\/v\/visitsaltdal.com\/files\/2025\/09\/kantarell1.jpg?cropToFit=100x59&quality=75","width":100,"height":59,"aspectRatio":1.694915254237288},{"path":"\/sites\/v\/visitsaltdal.com\/files\/2025\/09\/kantarell1.jpg?cropToFit=200x118&quality=75","width":200,"height":118,"aspectRatio":1.694915254237288},{"path":"\/sites\/v\/visitsaltdal.com\/files\/2025\/09\/kantarell1.jpg?cropToFit=400x235&quality=75","width":400,"height":235,"aspectRatio":1.702127659574468},{"path":"\/sites\/v\/visitsaltdal.com\/files\/2025\/09\/kantarell1.jpg?cropToFit=600x353&quality=75","width":600,"height":353,"aspectRatio":1.6997167138810199},{"path":"\/sites\/v\/visitsaltdal.com\/files\/2025\/09\/kantarell1.jpg?cropToFit=800x471&quality=75","width":800,"height":471,"aspectRatio":1.6985138004246285},{"path":"\/sites\/v\/visitsaltdal.com\/files\/2025\/09\/kantarell1.jpg?cropToFit=1000x588&quality=75","width":1000,"height":588,"aspectRatio":1.7006802721088434},{"path":"\/sites\/v\/visitsaltdal.com\/files\/2025\/09\/kantarell1.jpg?cropToFit=1200x706&quality=75","width":1200,"height":706,"aspectRatio":1.6997167138810199}],"image":"\/sites\/v\/visitsaltdal.com\/files\/2025\/09\/kantarell1.jpg","aspect":1.694915254237288,"type":"image","description":null},"additionalData":[]},{"classes":["outercol"],"isFavourite":false,"isExternalUrl":{"articleLink":false},"articleListButtonsData":{"buttonsList":[{"label":"Les mer","url":"\/?id=112171&Article=4775","type":"readmore"}],"mode":"default"},"favouriteType":null,"mnu":null,"section":null,"displayId":true,"docId":4775,"identifier":"4775Article","docType":"Article","customDate":false,"teaserData":{"teaserText":"","mode":"default"},"content":{"teaser":"","intro":"Fra 6. til 14. september markeres friluftslivets uke over hele landet! Benytt anledningen til \u00e5 ta deg en tur ut og bli bedre kjent med n\u00e6romr\u00e5det! I tillegg g\u00e5r folkehelseuka 2025 av stabelen denne uka! "},"titles":{"main":"Friluftslivets uke ","readMoreButton":"Les mer"},"urls":{"readMore":"\/?id=112171&Article=4775","booking":null},"created":{"date":"08.09.2025","time":"11:33","timestamp":1757324039},"introAllowHtml":false,"hasTicket":false,"extra":null,"hasReadMore":true,"media":{"imageData":{"path":"\/sites\/v\/visitsaltdal.com\/files\/2024\/07\/kjem__vatnet-2.jpg","width":1536,"height":864,"aspectRatio":1.7777777777777777},"previewImageUrl":"\/sites\/v\/visitsaltdal.com\/files\/2024\/07\/kjem__vatnet-2.jpg?cropToFit=100x59&quality=50","imageVariants":[{"path":"\/sites\/v\/visitsaltdal.com\/files\/2024\/07\/kjem__vatnet-2.jpg?cropToFit=100x59&quality=75","width":100,"height":59,"aspectRatio":1.694915254237288},{"path":"\/sites\/v\/visitsaltdal.com\/files\/2024\/07\/kjem__vatnet-2.jpg?cropToFit=200x118&quality=75","width":200,"height":118,"aspectRatio":1.694915254237288},{"path":"\/sites\/v\/visitsaltdal.com\/files\/2024\/07\/kjem__vatnet-2.jpg?cropToFit=400x235&quality=75","width":400,"height":235,"aspectRatio":1.702127659574468},{"path":"\/sites\/v\/visitsaltdal.com\/files\/2024\/07\/kjem__vatnet-2.jpg?cropToFit=600x353&quality=75","width":600,"height":353,"aspectRatio":1.6997167138810199},{"path":"\/sites\/v\/visitsaltdal.com\/files\/2024\/07\/kjem__vatnet-2.jpg?cropToFit=800x471&quality=75","width":800,"height":471,"aspectRatio":1.6985138004246285},{"path":"\/sites\/v\/visitsaltdal.com\/files\/2024\/07\/kjem__vatnet-2.jpg?cropToFit=1000x588&quality=75","width":1000,"height":588,"aspectRatio":1.7006802721088434},{"path":"\/sites\/v\/visitsaltdal.com\/files\/2024\/07\/kjem__vatnet-2.jpg?cropToFit=1200x706&quality=75","width":1200,"height":706,"aspectRatio":1.6997167138810199}],"image":"\/sites\/v\/visitsaltdal.com\/files\/2024\/07\/kjem__vatnet-2.jpg","aspect":1.694915254237288,"type":"image","description":null},"additionalData":[]},{"classes":["outercol"],"isFavourite":false,"isExternalUrl":{"articleLink":false},"articleListButtonsData":{"buttonsList":[{"label":"Les mer","url":"\/?id=112171&Article=4755","type":"readmore"}],"mode":"default"},"favouriteType":null,"mnu":null,"section":null,"displayId":true,"docId":4755,"identifier":"4755Article","docType":"Article","customDate":false,"teaserData":{"teaserText":"","mode":"default"},"content":{"teaser":"","intro":"Bli med p\u00e5 flaggermussafari p\u00e5 nordland nasjonalparksenter \u2013 5. september kl. 20.00!"},"titles":{"main":"5. september - Flaggermussafari","readMoreButton":"Les mer"},"urls":{"readMore":"\/?id=112171&Article=4755","booking":null},"created":{"date":"26.08.2025","time":"22:14","timestamp":1756239240},"introAllowHtml":false,"hasTicket":false,"extra":null,"hasReadMore":true,"media":{"imageData":{"path":"\/sites\/v\/visitsaltdal.com\/files\/2025\/08\/flaggermussafari_nordland_nasjonalparksenter.jpg","width":960,"height":720,"aspectRatio":1.3333333333333333},"previewImageUrl":"\/sites\/v\/visitsaltdal.com\/files\/2025\/08\/flaggermussafari_nordland_nasjonalparksenter.jpg?cropToFit=100x59&quality=50","imageVariants":[{"path":"\/sites\/v\/visitsaltdal.com\/files\/2025\/08\/flaggermussafari_nordland_nasjonalparksenter.jpg?cropToFit=100x59&quality=75","width":100,"height":59,"aspectRatio":1.694915254237288},{"path":"\/sites\/v\/visitsaltdal.com\/files\/2025\/08\/flaggermussafari_nordland_nasjonalparksenter.jpg?cropToFit=200x118&quality=75","width":200,"height":118,"aspectRatio":1.694915254237288},{"path":"\/sites\/v\/visitsaltdal.com\/files\/2025\/08\/flaggermussafari_nordland_nasjonalparksenter.jpg?cropToFit=400x235&quality=75","width":400,"height":235,"aspectRatio":1.702127659574468},{"path":"\/sites\/v\/visitsaltdal.com\/files\/2025\/08\/flaggermussafari_nordland_nasjonalparksenter.jpg?cropToFit=600x353&quality=75","width":600,"height":353,"aspectRatio":1.6997167138810199},{"path":"\/sites\/v\/visitsaltdal.com\/files\/2025\/08\/flaggermussafari_nordland_nasjonalparksenter.jpg?cropToFit=800x471&quality=75","width":800,"height":471,"aspectRatio":1.6985138004246285},{"path":"\/sites\/v\/visitsaltdal.com\/files\/2025\/08\/flaggermussafari_nordland_nasjonalparksenter.jpg?cropToFit=1000x588&quality=75","width":960,"height":564,"aspectRatio":1.702127659574468},{"path":"\/sites\/v\/visitsaltdal.com\/files\/2025\/08\/flaggermussafari_nordland_nasjonalparksenter.jpg?cropToFit=1200x706&quality=75","width":960,"height":565,"aspectRatio":1.6991150442477876}],"image":"\/sites\/v\/visitsaltdal.com\/files\/2025\/08\/flaggermussafari_nordland_nasjonalparksenter.jpg","aspect":1.694915254237288,"type":"image","description":null},"additionalData":[]},{"classes":["outercol"],"isFavourite":false,"isExternalUrl":{"articleLink":false},"articleListButtonsData":{"buttonsList":[{"label":"Les mer","url":"\/?id=112171&Article=4713","type":"readmore"}],"mode":"default"},"favouriteType":null,"mnu":null,"section":null,"displayId":true,"docId":4713,"identifier":"4713Article","docType":"Article","customDate":false,"teaserData":{"teaserText":"","mode":"default"},"content":{"teaser":"","intro":"Sensommer og tidlig h\u00f8st er tid for b\u00e6rplukking i Saltdal. N\u00e5 finner du b\u00e5de bl\u00e5b\u00e6r og multer i skog, og myr."},"titles":{"main":"B\u00e6rplukkesesong i Saltdal","readMoreButton":"Les mer"},"urls":{"readMore":"\/?id=112171&Article=4713","booking":null},"created":{"date":"26.08.2025","time":"20:16","timestamp":1756232160},"introAllowHtml":false,"hasTicket":false,"extra":null,"hasReadMore":true,"media":{"imageData":{"path":"\/sites\/v\/visitsaltdal.com\/files\/2025\/08\/multer.jpg","width":1124,"height":1500,"aspectRatio":0.7493333333333333},"previewImageUrl":"\/sites\/v\/visitsaltdal.com\/files\/2025\/08\/multer.jpg?cropToFit=100x59&quality=50","imageVariants":[{"path":"\/sites\/v\/visitsaltdal.com\/files\/2025\/08\/multer.jpg?cropToFit=100x59&quality=75","width":100,"height":59,"aspectRatio":1.694915254237288},{"path":"\/sites\/v\/visitsaltdal.com\/files\/2025\/08\/multer.jpg?cropToFit=200x118&quality=75","width":200,"height":118,"aspectRatio":1.694915254237288},{"path":"\/sites\/v\/visitsaltdal.com\/files\/2025\/08\/multer.jpg?cropToFit=400x235&quality=75","width":400,"height":235,"aspectRatio":1.702127659574468},{"path":"\/sites\/v\/visitsaltdal.com\/files\/2025\/08\/multer.jpg?cropToFit=600x353&quality=75","width":600,"height":353,"aspectRatio":1.6997167138810199},{"path":"\/sites\/v\/visitsaltdal.com\/files\/2025\/08\/multer.jpg?cropToFit=800x471&quality=75","width":800,"height":471,"aspectRatio":1.6985138004246285},{"path":"\/sites\/v\/visitsaltdal.com\/files\/2025\/08\/multer.jpg?cropToFit=1000x588&quality=75","width":1000,"height":588,"aspectRatio":1.7006802721088434},{"path":"\/sites\/v\/visitsaltdal.com\/files\/2025\/08\/multer.jpg?cropToFit=1200x706&quality=75","width":1124,"height":661,"aspectRatio":1.7004538577912254}],"image":"\/sites\/v\/visitsaltdal.com\/files\/2025\/08\/multer.jpg","aspect":1.694915254237288,"type":"image","description":null},"additionalData":[]},{"classes":["outercol"],"isFavourite":false,"isExternalUrl":{"articleLink":false},"articleListButtonsData":{"buttonsList":[{"label":"Les mer","url":"\/?id=112171&Article=4680","type":"readmore"}],"mode":"default"},"favouriteType":null,"mnu":null,"section":null,"displayId":true,"docId":4680,"identifier":"4680Article","docType":"Article","customDate":false,"teaserData":{"teaserText":"","mode":"default"},"content":{"teaser":"","intro":"L\u00f8rdag 6. september markeres Natt i naturen over hele landet \u2013 og her i Saltdal har vi de perfekte rammene for en uforglemmelig kveld ute!"},"titles":{"main":"6. september - Natt i naturen","readMoreButton":"Les mer"},"urls":{"readMore":"\/?id=112171&Article=4680","booking":null},"created":{"date":"26.08.2025","time":"20:03","timestamp":1756231380},"introAllowHtml":false,"hasTicket":false,"extra":null,"hasReadMore":true,"media":{"imageData":{"path":"\/sites\/v\/visitsaltdal.com\/files\/2025\/06\/vs_fotograf_noaogmamma_instagram.jpg","width":1125,"height":831,"aspectRatio":1.3537906137184115},"previewImageUrl":"\/sites\/v\/visitsaltdal.com\/files\/2025\/06\/vs_fotograf_noaogmamma_instagram.jpg?cropToFit=100x59&quality=50","imageVariants":[{"path":"\/sites\/v\/visitsaltdal.com\/files\/2025\/06\/vs_fotograf_noaogmamma_instagram.jpg?cropToFit=100x59&quality=75","width":100,"height":59,"aspectRatio":1.694915254237288},{"path":"\/sites\/v\/visitsaltdal.com\/files\/2025\/06\/vs_fotograf_noaogmamma_instagram.jpg?cropToFit=200x118&quality=75","width":200,"height":118,"aspectRatio":1.694915254237288},{"path":"\/sites\/v\/visitsaltdal.com\/files\/2025\/06\/vs_fotograf_noaogmamma_instagram.jpg?cropToFit=400x235&quality=75","width":400,"height":235,"aspectRatio":1.702127659574468},{"path":"\/sites\/v\/visitsaltdal.com\/files\/2025\/06\/vs_fotograf_noaogmamma_instagram.jpg?cropToFit=600x353&quality=75","width":600,"height":353,"aspectRatio":1.6997167138810199},{"path":"\/sites\/v\/visitsaltdal.com\/files\/2025\/06\/vs_fotograf_noaogmamma_instagram.jpg?cropToFit=800x471&quality=75","width":800,"height":471,"aspectRatio":1.6985138004246285},{"path":"\/sites\/v\/visitsaltdal.com\/files\/2025\/06\/vs_fotograf_noaogmamma_instagram.jpg?cropToFit=1000x588&quality=75","width":1000,"height":588,"aspectRatio":1.7006802721088434},{"path":"\/sites\/v\/visitsaltdal.com\/files\/2025\/06\/vs_fotograf_noaogmamma_instagram.jpg?cropToFit=1200x706&quality=75","width":1125,"height":662,"aspectRatio":1.6993957703927491}],"image":"\/sites\/v\/visitsaltdal.com\/files\/2025\/06\/vs_fotograf_noaogmamma_instagram.jpg","aspect":1.694915254237288,"type":"image","description":null},"additionalData":[]},{"classes":["outercol"],"isFavourite":false,"isExternalUrl":{"articleLink":false},"articleListButtonsData":{"buttonsList":[{"label":"Les mer","url":"\/?id=112171&Article=4011","type":"readmore"}],"mode":"default"},"favouriteType":null,"mnu":null,"section":null,"displayId":true,"docId":4011,"identifier":"4011Article","docType":"Article","customDate":false,"teaserData":{"teaserText":"","mode":"default"},"content":{"teaser":"","intro":"Hotellet, som regnes som Norges minste, ligger idyllisk til p\u00e5 Storjord \u2013 omkranset av fjell, skog og fredelige omgivelser."},"titles":{"main":"Sommerkafe p\u00e5 Storjord Hotell ","readMoreButton":"Les mer"},"urls":{"readMore":"\/?id=112171&Article=4011","booking":null},"created":{"date":"26.07.2025","time":"20:27","timestamp":1753554420},"introAllowHtml":false,"hasTicket":false,"extra":null,"hasReadMore":true,"media":{"imageData":{"path":"\/sites\/v\/visitsaltdal.com\/files\/2025\/07\/storjord_hotell_landhandel_1.jpg","width":2048,"height":1536,"aspectRatio":1.3333333333333333},"previewImageUrl":"\/sites\/v\/visitsaltdal.com\/files\/2025\/07\/storjord_hotell_landhandel_1.jpg?cropToFit=100x59&quality=50","imageVariants":[{"path":"\/sites\/v\/visitsaltdal.com\/files\/2025\/07\/storjord_hotell_landhandel_1.jpg?cropToFit=100x59&quality=75","width":100,"height":59,"aspectRatio":1.694915254237288},{"path":"\/sites\/v\/visitsaltdal.com\/files\/2025\/07\/storjord_hotell_landhandel_1.jpg?cropToFit=200x118&quality=75","width":200,"height":118,"aspectRatio":1.694915254237288},{"path":"\/sites\/v\/visitsaltdal.com\/files\/2025\/07\/storjord_hotell_landhandel_1.jpg?cropToFit=400x235&quality=75","width":400,"height":235,"aspectRatio":1.702127659574468},{"path":"\/sites\/v\/visitsaltdal.com\/files\/2025\/07\/storjord_hotell_landhandel_1.jpg?cropToFit=600x353&quality=75","width":600,"height":353,"aspectRatio":1.6997167138810199},{"path":"\/sites\/v\/visitsaltdal.com\/files\/2025\/07\/storjord_hotell_landhandel_1.jpg?cropToFit=800x471&quality=75","width":800,"height":471,"aspectRatio":1.6985138004246285},{"path":"\/sites\/v\/visitsaltdal.com\/files\/2025\/07\/storjord_hotell_landhandel_1.jpg?cropToFit=1000x588&quality=75","width":1000,"height":588,"aspectRatio":1.7006802721088434},{"path":"\/sites\/v\/visitsaltdal.com\/files\/2025\/07\/storjord_hotell_landhandel_1.jpg?cropToFit=1200x706&quality=75","width":1200,"height":706,"aspectRatio":1.6997167138810199}],"image":"\/sites\/v\/visitsaltdal.com\/files\/2025\/07\/storjord_hotell_landhandel_1.jpg","aspect":1.694915254237288,"type":"image","description":null},"additionalData":[]},{"classes":["outercol"],"isFavourite":false,"isExternalUrl":{"articleLink":false},"articleListButtonsData":{"buttonsList":[{"label":"Les mer","url":"\/?id=112171&Article=3916","type":"readmore"}],"mode":"default"},"favouriteType":null,"mnu":null,"section":null,"displayId":true,"docId":3916,"identifier":"3916Article","docType":"Article","customDate":false,"teaserData":{"teaserText":"","mode":"default"},"content":{"teaser":"","intro":"S\u00f8ndag 27. juli inviterer Salten Brukshestlag til Sl\u00e5ttes\u00f8ndag p\u00e5 Roparneset. \u00a0Her skal enga sl\u00e5s p\u00e5 gamlem\u00e5ten, og alle som vil, er hjertelig velkommen til \u00e5 v\u00e6re med!"},"titles":{"main":"27. Juli - Sl\u00e5ttes\u00f8ndag ","readMoreButton":"Les mer"},"urls":{"readMore":"\/?id=112171&Article=3916","booking":null},"created":{"date":"26.07.2025","time":"13:33","timestamp":1753529580},"introAllowHtml":false,"hasTicket":false,"extra":null,"hasReadMore":true,"media":{"imageData":{"path":"\/sites\/v\/visitsaltdal.com\/files\/2025\/07\/sla__ttes__ndag_foto_nnps.jpg","width":1200,"height":800,"aspectRatio":1.5},"previewImageUrl":"\/sites\/v\/visitsaltdal.com\/files\/2025\/07\/sla__ttes__ndag_foto_nnps.jpg?cropToFit=100x59&quality=50","imageVariants":[{"path":"\/sites\/v\/visitsaltdal.com\/files\/2025\/07\/sla__ttes__ndag_foto_nnps.jpg?cropToFit=100x59&quality=75","width":100,"height":59,"aspectRatio":1.694915254237288},{"path":"\/sites\/v\/visitsaltdal.com\/files\/2025\/07\/sla__ttes__ndag_foto_nnps.jpg?cropToFit=200x118&quality=75","width":200,"height":118,"aspectRatio":1.694915254237288},{"path":"\/sites\/v\/visitsaltdal.com\/files\/2025\/07\/sla__ttes__ndag_foto_nnps.jpg?cropToFit=400x235&quality=75","width":400,"height":235,"aspectRatio":1.702127659574468},{"path":"\/sites\/v\/visitsaltdal.com\/files\/2025\/07\/sla__ttes__ndag_foto_nnps.jpg?cropToFit=600x353&quality=75","width":600,"height":353,"aspectRatio":1.6997167138810199},{"path":"\/sites\/v\/visitsaltdal.com\/files\/2025\/07\/sla__ttes__ndag_foto_nnps.jpg?cropToFit=800x471&quality=75","width":800,"height":471,"aspectRatio":1.6985138004246285},{"path":"\/sites\/v\/visitsaltdal.com\/files\/2025\/07\/sla__ttes__ndag_foto_nnps.jpg?cropToFit=1000x588&quality=75","width":1000,"height":588,"aspectRatio":1.7006802721088434},{"path":"\/sites\/v\/visitsaltdal.com\/files\/2025\/07\/sla__ttes__ndag_foto_nnps.jpg?cropToFit=1200x706&quality=75","width":1200,"height":706,"aspectRatio":1.6997167138810199}],"image":"\/sites\/v\/visitsaltdal.com\/files\/2025\/07\/sla__ttes__ndag_foto_nnps.jpg","aspect":1.694915254237288,"type":"image","description":"Sl\u00e5ttes\u00f8ndag"},"additionalData":[]},{"classes":["outercol"],"isFavourite":false,"isExternalUrl":{"articleLink":false},"articleListButtonsData":{"buttonsList":[{"label":"Les mer","url":"\/?id=112171&Article=1744","type":"readmore"}],"mode":"default"},"favouriteType":null,"mnu":null,"section":null,"displayId":true,"docId":1744,"identifier":"1744Article","docType":"Article","customDate":false,"teaserData":{"teaserText":"","mode":"default"},"content":{"teaser":"","intro":"Er du klar for \u00e5 oppleve en festivalopplevelse utenom det vanlige? Velkommen til On the Rocks Festival \u2013 en helg fylt med musikk, fest og samhold i hjertet av Saltdal.\r\n"},"titles":{"main":"22. - 24.  august- On the Rocks Festivalen","readMoreButton":"Les mer"},"urls":{"readMore":"\/?id=112171&Article=1744","booking":null},"created":{"date":"28.05.2025","time":"11:08","timestamp":1748423318},"introAllowHtml":false,"hasTicket":false,"extra":null,"hasReadMore":true,"media":{"imageData":{"path":"\/sites\/v\/visitsaltdal.com\/files\/2025\/05\/eh_roc.png","width":851,"height":315,"aspectRatio":2.7015873015873018},"previewImageUrl":"\/sites\/v\/visitsaltdal.com\/files\/2025\/05\/eh_roc.png?cropToFit=100x59&quality=50","imageVariants":[{"path":"\/sites\/v\/visitsaltdal.com\/files\/2025\/05\/eh_roc.png?cropToFit=100x59&quality=75","width":100,"height":59,"aspectRatio":1.694915254237288},{"path":"\/sites\/v\/visitsaltdal.com\/files\/2025\/05\/eh_roc.png?cropToFit=200x118&quality=75","width":200,"height":118,"aspectRatio":1.694915254237288},{"path":"\/sites\/v\/visitsaltdal.com\/files\/2025\/05\/eh_roc.png?cropToFit=400x235&quality=75","width":400,"height":235,"aspectRatio":1.702127659574468},{"path":"\/sites\/v\/visitsaltdal.com\/files\/2025\/05\/eh_roc.png?cropToFit=600x353&quality=75","width":535,"height":315,"aspectRatio":1.6984126984126984},{"path":"\/sites\/v\/visitsaltdal.com\/files\/2025\/05\/eh_roc.png?cropToFit=800x471&quality=75","width":535,"height":315,"aspectRatio":1.6984126984126984},{"path":"\/sites\/v\/visitsaltdal.com\/files\/2025\/05\/eh_roc.png?cropToFit=1000x588&quality=75","width":536,"height":315,"aspectRatio":1.7015873015873015},{"path":"\/sites\/v\/visitsaltdal.com\/files\/2025\/05\/eh_roc.png?cropToFit=1200x706&quality=75","width":535,"height":315,"aspectRatio":1.6984126984126984}],"image":"\/sites\/v\/visitsaltdal.com\/files\/2025\/05\/eh_roc.png","aspect":1.694915254237288,"type":"image","description":null},"additionalData":[]},{"classes":["outercol"],"isFavourite":false,"isExternalUrl":{"articleLink":false},"articleListButtonsData":{"buttonsList":[{"label":"Les mer","url":"\/?id=112171&Article=1739","type":"readmore"}],"mode":"default"},"favouriteType":null,"mnu":null,"section":null,"displayId":true,"docId":1739,"identifier":"1739Article","docType":"Article","customDate":false,"teaserData":{"teaserText":"","mode":"default"},"content":{"teaser":"","intro":"28. juni 2025 forvandles hele Rognan sentrum til en pulserende festivalarena \u2013 fra havna og forbi R\u00e5dhusparken. Dette blir en dag, kveld og natt fylt med aktiviteter, underholdning, musikk og magiske \u00f8yeblikk for b\u00e5de store og sm\u00e5.\r\n"},"titles":{"main":"28. juni - Sentrumsfesten ","readMoreButton":"Les mer"},"urls":{"readMore":"\/?id=112171&Article=1739","booking":null},"created":{"date":"26.05.2025","time":"13:55","timestamp":1748260558},"introAllowHtml":false,"hasTicket":false,"extra":null,"hasReadMore":true,"media":{"imageData":{"path":"\/sites\/v\/visitsaltdal.com\/files\/2025\/05\/party_rognan_.jpg","width":2672,"height":1534,"aspectRatio":1.741851368970013},"previewImageUrl":"\/sites\/v\/visitsaltdal.com\/files\/2025\/05\/party_rognan_.jpg?cropToFit=100x59&quality=50","imageVariants":[{"path":"\/sites\/v\/visitsaltdal.com\/files\/2025\/05\/party_rognan_.jpg?cropToFit=100x59&quality=75","width":100,"height":59,"aspectRatio":1.694915254237288},{"path":"\/sites\/v\/visitsaltdal.com\/files\/2025\/05\/party_rognan_.jpg?cropToFit=200x118&quality=75","width":200,"height":118,"aspectRatio":1.694915254237288},{"path":"\/sites\/v\/visitsaltdal.com\/files\/2025\/05\/party_rognan_.jpg?cropToFit=400x235&quality=75","width":400,"height":235,"aspectRatio":1.702127659574468},{"path":"\/sites\/v\/visitsaltdal.com\/files\/2025\/05\/party_rognan_.jpg?cropToFit=600x353&quality=75","width":600,"height":353,"aspectRatio":1.6997167138810199},{"path":"\/sites\/v\/visitsaltdal.com\/files\/2025\/05\/party_rognan_.jpg?cropToFit=800x471&quality=75","width":800,"height":471,"aspectRatio":1.6985138004246285},{"path":"\/sites\/v\/visitsaltdal.com\/files\/2025\/05\/party_rognan_.jpg?cropToFit=1000x588&quality=75","width":1000,"height":588,"aspectRatio":1.7006802721088434},{"path":"\/sites\/v\/visitsaltdal.com\/files\/2025\/05\/party_rognan_.jpg?cropToFit=1200x706&quality=75","width":1200,"height":706,"aspectRatio":1.6997167138810199}],"image":"\/sites\/v\/visitsaltdal.com\/files\/2025\/05\/party_rognan_.jpg","aspect":1.694915254237288,"type":"image","description":null},"additionalData":[]},{"classes":["outercol"],"isFavourite":false,"isExternalUrl":{"articleLink":false},"articleListButtonsData":{"buttonsList":[{"label":"Les mer","url":"\/?id=112171&Article=1711","type":"readmore"}],"mode":"default"},"favouriteType":null,"mnu":null,"section":null,"displayId":true,"docId":1711,"identifier":"1711Article","docType":"Article","customDate":false,"teaserData":{"teaserText":"","mode":"default"},"content":{"teaser":"","intro":"Visit Saltdal er til stede p\u00e5 Facebook, Instagram og TikTok, hvor vi deler sm\u00e5 og store \u00f8yeblikk fra hele Saltdal."},"titles":{"main":"Visit Saltdal i sosiale medier","readMoreButton":"Les mer"},"urls":{"readMore":"\/?id=112171&Article=1711","booking":null},"created":{"date":"01.05.2025","time":"22:11","timestamp":1746130279},"introAllowHtml":false,"hasTicket":false,"extra":null,"hasReadMore":true,"media":{"imageData":{"path":"\/sites\/v\/visitsaltdal.com\/files\/2025\/05\/visit_saltdal_ki-5.jpg","width":1200,"height":800,"aspectRatio":1.5},"previewImageUrl":"\/sites\/v\/visitsaltdal.com\/files\/2025\/05\/visit_saltdal_ki-5.jpg?cropToFit=100x59&quality=50","imageVariants":[{"path":"\/sites\/v\/visitsaltdal.com\/files\/2025\/05\/visit_saltdal_ki-5.jpg?cropToFit=100x59&quality=75","width":100,"height":59,"aspectRatio":1.694915254237288},{"path":"\/sites\/v\/visitsaltdal.com\/files\/2025\/05\/visit_saltdal_ki-5.jpg?cropToFit=200x118&quality=75","width":200,"height":118,"aspectRatio":1.694915254237288},{"path":"\/sites\/v\/visitsaltdal.com\/files\/2025\/05\/visit_saltdal_ki-5.jpg?cropToFit=400x235&quality=75","width":400,"height":235,"aspectRatio":1.702127659574468},{"path":"\/sites\/v\/visitsaltdal.com\/files\/2025\/05\/visit_saltdal_ki-5.jpg?cropToFit=600x353&quality=75","width":600,"height":353,"aspectRatio":1.6997167138810199},{"path":"\/sites\/v\/visitsaltdal.com\/files\/2025\/05\/visit_saltdal_ki-5.jpg?cropToFit=800x471&quality=75","width":800,"height":471,"aspectRatio":1.6985138004246285},{"path":"\/sites\/v\/visitsaltdal.com\/files\/2025\/05\/visit_saltdal_ki-5.jpg?cropToFit=1000x588&quality=75","width":1000,"height":588,"aspectRatio":1.7006802721088434},{"path":"\/sites\/v\/visitsaltdal.com\/files\/2025\/05\/visit_saltdal_ki-5.jpg?cropToFit=1200x706&quality=75","width":1200,"height":706,"aspectRatio":1.6997167138810199}],"image":"\/sites\/v\/visitsaltdal.com\/files\/2025\/05\/visit_saltdal_ki-5.jpg","aspect":1.694915254237288,"type":"image","description":null},"additionalData":[]},{"classes":["outercol"],"isFavourite":false,"isExternalUrl":{"articleLink":false},"articleListButtonsData":{"buttonsList":[{"label":"Les mer","url":"\/?id=112171&Article=1703","type":"readmore"}],"mode":"default"},"favouriteType":null,"mnu":null,"section":null,"displayId":true,"docId":1703,"identifier":"1703Article","docType":"Article","customDate":false,"teaserData":{"teaserText":"","mode":"default"},"content":{"teaser":"","intro":"Gj\u00f8r deg  klar for \u00e5rets store festdag \u2013 med masse m\u00f8sbr\u00f8mlefse og et fullspekket program! \r\n"},"titles":{"main":"14. juni er det tid for M\u00d8SBR\u00d8MLEFSE FESTIVAL! ","readMoreButton":"Les mer"},"urls":{"readMore":"\/?id=112171&Article=1703","booking":null},"created":{"date":"01.05.2025","time":"19:39","timestamp":1746121179},"introAllowHtml":false,"hasTicket":false,"extra":null,"hasReadMore":true,"media":{"imageData":{"path":"\/sites\/v\/visitsaltdal.com\/files\/2025\/05\/m__sbr__mlefsefestivalen.jpg","width":946,"height":687,"aspectRatio":1.3770014556040757},"previewImageUrl":"\/sites\/v\/visitsaltdal.com\/files\/2025\/05\/m__sbr__mlefsefestivalen.jpg?cropToFit=100x59&quality=50","imageVariants":[{"path":"\/sites\/v\/visitsaltdal.com\/files\/2025\/05\/m__sbr__mlefsefestivalen.jpg?cropToFit=100x59&quality=75","width":100,"height":59,"aspectRatio":1.694915254237288},{"path":"\/sites\/v\/visitsaltdal.com\/files\/2025\/05\/m__sbr__mlefsefestivalen.jpg?cropToFit=200x118&quality=75","width":200,"height":118,"aspectRatio":1.694915254237288},{"path":"\/sites\/v\/visitsaltdal.com\/files\/2025\/05\/m__sbr__mlefsefestivalen.jpg?cropToFit=400x235&quality=75","width":400,"height":235,"aspectRatio":1.702127659574468},{"path":"\/sites\/v\/visitsaltdal.com\/files\/2025\/05\/m__sbr__mlefsefestivalen.jpg?cropToFit=600x353&quality=75","width":600,"height":353,"aspectRatio":1.6997167138810199},{"path":"\/sites\/v\/visitsaltdal.com\/files\/2025\/05\/m__sbr__mlefsefestivalen.jpg?cropToFit=800x471&quality=75","width":800,"height":471,"aspectRatio":1.6985138004246285},{"path":"\/sites\/v\/visitsaltdal.com\/files\/2025\/05\/m__sbr__mlefsefestivalen.jpg?cropToFit=1000x588&quality=75","width":946,"height":556,"aspectRatio":1.7014388489208634},{"path":"\/sites\/v\/visitsaltdal.com\/files\/2025\/05\/m__sbr__mlefsefestivalen.jpg?cropToFit=1200x706&quality=75","width":946,"height":557,"aspectRatio":1.6983842010771992}],"image":"\/sites\/v\/visitsaltdal.com\/files\/2025\/05\/m__sbr__mlefsefestivalen.jpg","aspect":1.694915254237288,"type":"image","description":null},"additionalData":[]},{"classes":["outercol"],"isFavourite":false,"isExternalUrl":{"articleLink":false},"articleListButtonsData":{"buttonsList":[{"label":"Les mer","url":"\/?id=112171&Article=1666","type":"readmore"}],"mode":"default"},"favouriteType":null,"mnu":null,"section":null,"displayId":true,"docId":1666,"identifier":"1666Article","docType":"Article","customDate":false,"teaserData":{"teaserText":"","mode":"default"},"content":{"teaser":"","intro":"Saltdal Fuglefestival inviterer hele lokalsamfunnet til \u00e5 bli med p\u00e5 noen spennende og l\u00e6rerike dager for \u00e5 feire fuglelivet i v\u00e5rt vakre omr\u00e5de"},"titles":{"main":"22. - 30. April - Saltdal Fuglefestival","readMoreButton":"Les mer"},"urls":{"readMore":"\/?id=112171&Article=1666","booking":null},"created":{"date":"25.03.2025","time":"20:00","timestamp":1742929234},"introAllowHtml":false,"hasTicket":false,"extra":null,"hasReadMore":true,"media":{"imageData":{"path":"\/sites\/v\/visitsaltdal.com\/files\/2025\/03\/dompap.jpg","width":1125,"height":1125,"aspectRatio":1},"previewImageUrl":"\/sites\/v\/visitsaltdal.com\/files\/2025\/03\/dompap.jpg?cropToFit=100x59&quality=50","imageVariants":[{"path":"\/sites\/v\/visitsaltdal.com\/files\/2025\/03\/dompap.jpg?cropToFit=100x59&quality=75","width":100,"height":59,"aspectRatio":1.694915254237288},{"path":"\/sites\/v\/visitsaltdal.com\/files\/2025\/03\/dompap.jpg?cropToFit=200x118&quality=75","width":200,"height":118,"aspectRatio":1.694915254237288},{"path":"\/sites\/v\/visitsaltdal.com\/files\/2025\/03\/dompap.jpg?cropToFit=400x235&quality=75","width":400,"height":235,"aspectRatio":1.702127659574468},{"path":"\/sites\/v\/visitsaltdal.com\/files\/2025\/03\/dompap.jpg?cropToFit=600x353&quality=75","width":600,"height":353,"aspectRatio":1.6997167138810199},{"path":"\/sites\/v\/visitsaltdal.com\/files\/2025\/03\/dompap.jpg?cropToFit=800x471&quality=75","width":800,"height":471,"aspectRatio":1.6985138004246285},{"path":"\/sites\/v\/visitsaltdal.com\/files\/2025\/03\/dompap.jpg?cropToFit=1000x588&quality=75","width":1000,"height":588,"aspectRatio":1.7006802721088434},{"path":"\/sites\/v\/visitsaltdal.com\/files\/2025\/03\/dompap.jpg?cropToFit=1200x706&quality=75","width":1125,"height":662,"aspectRatio":1.6993957703927491}],"image":"\/sites\/v\/visitsaltdal.com\/files\/2025\/03\/dompap.jpg","aspect":1.694915254237288,"type":"image","description":"Dompap"},"additionalData":[]},{"classes":["outercol"],"isFavourite":false,"isExternalUrl":{"articleLink":false},"articleListButtonsData":{"buttonsList":[{"label":"Les mer","url":"\/?id=112171&Article=1663","type":"readmore"}],"mode":"default"},"favouriteType":null,"mnu":null,"section":null,"displayId":true,"docId":1663,"identifier":"1663Article","docType":"Article","customDate":false,"teaserData":{"teaserText":"","mode":"default"},"content":{"teaser":"","intro":"24. mai er det klart for Saltdalsl\u00f8pet - og vi gleder oss til at DU skal delta!"},"titles":{"main":"24. mai 2025 - Saltdalsl\u00f8pet 2025","readMoreButton":"Les mer"},"urls":{"readMore":"\/?id=112171&Article=1663","booking":null},"created":{"date":"25.03.2025","time":"19:48","timestamp":1742928503},"introAllowHtml":false,"hasTicket":false,"extra":null,"hasReadMore":true,"media":{"imageData":{"path":"\/sites\/v\/visitsaltdal.com\/files\/2025\/03\/saltdalsl__pet.jpg","width":1616,"height":1080,"aspectRatio":1.4962962962962962},"previewImageUrl":"\/sites\/v\/visitsaltdal.com\/files\/2025\/03\/saltdalsl__pet.jpg?cropToFit=100x59&quality=50","imageVariants":[{"path":"\/sites\/v\/visitsaltdal.com\/files\/2025\/03\/saltdalsl__pet.jpg?cropToFit=100x59&quality=75","width":100,"height":59,"aspectRatio":1.694915254237288},{"path":"\/sites\/v\/visitsaltdal.com\/files\/2025\/03\/saltdalsl__pet.jpg?cropToFit=200x118&quality=75","width":200,"height":118,"aspectRatio":1.694915254237288},{"path":"\/sites\/v\/visitsaltdal.com\/files\/2025\/03\/saltdalsl__pet.jpg?cropToFit=400x235&quality=75","width":400,"height":235,"aspectRatio":1.702127659574468},{"path":"\/sites\/v\/visitsaltdal.com\/files\/2025\/03\/saltdalsl__pet.jpg?cropToFit=600x353&quality=75","width":600,"height":353,"aspectRatio":1.6997167138810199},{"path":"\/sites\/v\/visitsaltdal.com\/files\/2025\/03\/saltdalsl__pet.jpg?cropToFit=800x471&quality=75","width":800,"height":471,"aspectRatio":1.6985138004246285},{"path":"\/sites\/v\/visitsaltdal.com\/files\/2025\/03\/saltdalsl__pet.jpg?cropToFit=1000x588&quality=75","width":1000,"height":588,"aspectRatio":1.7006802721088434},{"path":"\/sites\/v\/visitsaltdal.com\/files\/2025\/03\/saltdalsl__pet.jpg?cropToFit=1200x706&quality=75","width":1200,"height":706,"aspectRatio":1.6997167138810199}],"image":"\/sites\/v\/visitsaltdal.com\/files\/2025\/03\/saltdalsl__pet.jpg","aspect":1.694915254237288,"type":"image","description":"L\u00f8pere i saltdalsl\u00f8pet"},"additionalData":[]},{"classes":["outercol"],"isFavourite":false,"isExternalUrl":{"articleLink":false},"articleListButtonsData":{"buttonsList":[{"label":"Les mer","url":"\/?id=112171&Article=1639","type":"readmore"}],"mode":"default"},"favouriteType":null,"mnu":null,"section":null,"displayId":true,"docId":1639,"identifier":"1639Article","docType":"Article","customDate":false,"teaserData":{"teaserText":"","mode":"default"},"content":{"teaser":"","intro":"Saltdal Bibliotek arrangerer fotoutstilling med resultatet av den italienske fotografen Luca Bertis reise gjennom Saltdal i 2024. "},"titles":{"main":"18. februar - 10 april - Fotoutstilling","readMoreButton":"Les mer"},"urls":{"readMore":"\/?id=112171&Article=1639","booking":null},"created":{"date":"12.02.2025","time":"17:25","timestamp":1739377500},"introAllowHtml":false,"hasTicket":false,"extra":null,"hasReadMore":true,"media":{"imageData":{"path":"\/sites\/v\/visitsaltdal.com\/files\/2025\/03\/fotoutstilling.jpg","width":1125,"height":2006,"aspectRatio":0.5608175473579262},"previewImageUrl":"\/sites\/v\/visitsaltdal.com\/files\/2025\/03\/fotoutstilling.jpg?cropToFit=100x59&quality=50","imageVariants":[{"path":"\/sites\/v\/visitsaltdal.com\/files\/2025\/03\/fotoutstilling.jpg?cropToFit=100x59&quality=75","width":100,"height":59,"aspectRatio":1.694915254237288},{"path":"\/sites\/v\/visitsaltdal.com\/files\/2025\/03\/fotoutstilling.jpg?cropToFit=200x118&quality=75","width":200,"height":118,"aspectRatio":1.694915254237288},{"path":"\/sites\/v\/visitsaltdal.com\/files\/2025\/03\/fotoutstilling.jpg?cropToFit=400x235&quality=75","width":400,"height":235,"aspectRatio":1.702127659574468},{"path":"\/sites\/v\/visitsaltdal.com\/files\/2025\/03\/fotoutstilling.jpg?cropToFit=600x353&quality=75","width":600,"height":353,"aspectRatio":1.6997167138810199},{"path":"\/sites\/v\/visitsaltdal.com\/files\/2025\/03\/fotoutstilling.jpg?cropToFit=800x471&quality=75","width":800,"height":471,"aspectRatio":1.6985138004246285},{"path":"\/sites\/v\/visitsaltdal.com\/files\/2025\/03\/fotoutstilling.jpg?cropToFit=1000x588&quality=75","width":1000,"height":588,"aspectRatio":1.7006802721088434},{"path":"\/sites\/v\/visitsaltdal.com\/files\/2025\/03\/fotoutstilling.jpg?cropToFit=1200x706&quality=75","width":1125,"height":662,"aspectRatio":1.6993957703927491}],"image":"\/sites\/v\/visitsaltdal.com\/files\/2025\/03\/fotoutstilling.jpg","aspect":1.694915254237288,"type":"image","description":"Fotoutstilling"},"additionalData":[]},{"classes":["outercol"],"isFavourite":false,"isExternalUrl":{"articleLink":false},"articleListButtonsData":{"buttonsList":[{"label":"Les mer","url":"\/?id=112171&Article=1622","type":"readmore"}],"mode":"default"},"favouriteType":null,"mnu":null,"section":null,"displayId":true,"docId":1622,"identifier":"1622Article","docType":"Article","customDate":false,"teaserData":{"teaserText":"","mode":"default"},"content":{"teaser":"","intro":"Mer informasjon kommer! \/ Arrangement p\u00e5 Nordland Nasjonalparksenter "},"titles":{"main":"6. februar - Samenes nasjonaldag ","readMoreButton":"Les mer"},"urls":{"readMore":"\/?id=112171&Article=1622","booking":null},"created":{"date":"21.01.2025","time":"21:32","timestamp":1737491520},"introAllowHtml":false,"hasTicket":false,"extra":null,"hasReadMore":true,"media":{"imageData":{"path":"\/sites\/v\/visitsaltdal.com\/files\/2025\/01\/329011642_501681645466411_2280344070864235935_n.jpg","width":1200,"height":926,"aspectRatio":1.2958963282937366},"previewImageUrl":"\/sites\/v\/visitsaltdal.com\/files\/2025\/01\/329011642_501681645466411_2280344070864235935_n.jpg?cropToFit=100x59&quality=50","imageVariants":[{"path":"\/sites\/v\/visitsaltdal.com\/files\/2025\/01\/329011642_501681645466411_2280344070864235935_n.jpg?cropToFit=100x59&quality=75","width":100,"height":59,"aspectRatio":1.694915254237288},{"path":"\/sites\/v\/visitsaltdal.com\/files\/2025\/01\/329011642_501681645466411_2280344070864235935_n.jpg?cropToFit=200x118&quality=75","width":200,"height":118,"aspectRatio":1.694915254237288},{"path":"\/sites\/v\/visitsaltdal.com\/files\/2025\/01\/329011642_501681645466411_2280344070864235935_n.jpg?cropToFit=400x235&quality=75","width":400,"height":235,"aspectRatio":1.702127659574468},{"path":"\/sites\/v\/visitsaltdal.com\/files\/2025\/01\/329011642_501681645466411_2280344070864235935_n.jpg?cropToFit=600x353&quality=75","width":600,"height":353,"aspectRatio":1.6997167138810199},{"path":"\/sites\/v\/visitsaltdal.com\/files\/2025\/01\/329011642_501681645466411_2280344070864235935_n.jpg?cropToFit=800x471&quality=75","width":800,"height":471,"aspectRatio":1.6985138004246285},{"path":"\/sites\/v\/visitsaltdal.com\/files\/2025\/01\/329011642_501681645466411_2280344070864235935_n.jpg?cropToFit=1000x588&quality=75","width":1000,"height":588,"aspectRatio":1.7006802721088434},{"path":"\/sites\/v\/visitsaltdal.com\/files\/2025\/01\/329011642_501681645466411_2280344070864235935_n.jpg?cropToFit=1200x706&quality=75","width":1200,"height":706,"aspectRatio":1.6997167138810199}],"image":"\/sites\/v\/visitsaltdal.com\/files\/2025\/01\/329011642_501681645466411_2280344070864235935_n.jpg","aspect":1.694915254237288,"type":"image","description":null},"additionalData":[]},{"classes":["outercol"],"isFavourite":false,"isExternalUrl":{"articleLink":false},"articleListButtonsData":{"buttonsList":[{"label":"Les mer","url":"\/?id=112171&Article=1620","type":"readmore"}],"mode":"default"},"favouriteType":null,"mnu":null,"section":null,"displayId":true,"docId":1620,"identifier":"1620Article","docType":"Article","customDate":false,"teaserData":{"teaserText":"","mode":"default"},"content":{"teaser":"","intro":"Marte Lill Somby \u00e5pner utstillings\u00e5ret 2025 hos Adde Zetterquist kunstgalleri med \"Du er ikke ordentlig utbrent f\u00f8r du er kremert\"  "},"titles":{"main":"2. Februar - 30.mars - Kunstutstilling","readMoreButton":"Les mer"},"urls":{"readMore":"\/?id=112171&Article=1620","booking":null},"created":{"date":"21.01.2025","time":"21:18","timestamp":1737490680},"introAllowHtml":false,"hasTicket":false,"extra":null,"hasReadMore":true,"media":{"imageData":{"path":"\/sites\/v\/visitsaltdal.com\/files\/2025\/01\/marte_lill_somby.jpeg","width":1080,"height":538,"aspectRatio":2.007434944237918},"previewImageUrl":"\/sites\/v\/visitsaltdal.com\/files\/2025\/01\/marte_lill_somby.jpeg?cropToFit=100x59&quality=50","imageVariants":[{"path":"\/sites\/v\/visitsaltdal.com\/files\/2025\/01\/marte_lill_somby.jpeg?cropToFit=100x59&quality=75","width":100,"height":59,"aspectRatio":1.694915254237288},{"path":"\/sites\/v\/visitsaltdal.com\/files\/2025\/01\/marte_lill_somby.jpeg?cropToFit=200x118&quality=75","width":200,"height":118,"aspectRatio":1.694915254237288},{"path":"\/sites\/v\/visitsaltdal.com\/files\/2025\/01\/marte_lill_somby.jpeg?cropToFit=400x235&quality=75","width":400,"height":235,"aspectRatio":1.702127659574468},{"path":"\/sites\/v\/visitsaltdal.com\/files\/2025\/01\/marte_lill_somby.jpeg?cropToFit=600x353&quality=75","width":600,"height":353,"aspectRatio":1.6997167138810199},{"path":"\/sites\/v\/visitsaltdal.com\/files\/2025\/01\/marte_lill_somby.jpeg?cropToFit=800x471&quality=75","width":800,"height":471,"aspectRatio":1.6985138004246285},{"path":"\/sites\/v\/visitsaltdal.com\/files\/2025\/01\/marte_lill_somby.jpeg?cropToFit=1000x588&quality=75","width":915,"height":538,"aspectRatio":1.7007434944237918},{"path":"\/sites\/v\/visitsaltdal.com\/files\/2025\/01\/marte_lill_somby.jpeg?cropToFit=1200x706&quality=75","width":914,"height":538,"aspectRatio":1.6988847583643123}],"image":"\/sites\/v\/visitsaltdal.com\/files\/2025\/01\/marte_lill_somby.jpeg","aspect":1.694915254237288,"type":"image","description":null},"additionalData":[]},{"classes":["outercol"],"isFavourite":false,"isExternalUrl":{"articleLink":false},"articleListButtonsData":{"buttonsList":[{"label":"Les mer","url":"\/?id=112171&Article=1604","type":"readmore"}],"mode":"default"},"favouriteType":null,"mnu":null,"section":null,"displayId":true,"docId":1604,"identifier":"1604Article","docType":"Article","customDate":false,"teaserData":{"teaserText":"","mode":"default"},"content":{"teaser":"","intro":"Visste du at 2025 er friluftslivets \u00e5r? Vi gleder oss til et \u00e5r fylt av flotte utend\u00f8rsopplevelser for sm\u00e5 og store! \u00c5rets \u00e5pnes lokalt med \"kom deg ut\" dagen den 19. Januar. "},"titles":{"main":"19. Januar  er \"Kom deg ut\" dagen!","readMoreButton":"Les mer"},"urls":{"readMore":"\/?id=112171&Article=1604","booking":null},"created":{"date":"08.01.2025","time":"14:54","timestamp":1736344440},"introAllowHtml":false,"hasTicket":false,"extra":null,"hasReadMore":true,"media":{"imageData":{"path":"\/sites\/v\/visitsaltdal.com\/files\/2025\/01\/img_0826.jpg","width":1125,"height":1522,"aspectRatio":0.7391590013140604},"previewImageUrl":"\/sites\/v\/visitsaltdal.com\/files\/2025\/01\/img_0826.jpg?cropToFit=100x59&quality=50","imageVariants":[{"path":"\/sites\/v\/visitsaltdal.com\/files\/2025\/01\/img_0826.jpg?cropToFit=100x59&quality=75","width":100,"height":59,"aspectRatio":1.694915254237288},{"path":"\/sites\/v\/visitsaltdal.com\/files\/2025\/01\/img_0826.jpg?cropToFit=200x118&quality=75","width":200,"height":118,"aspectRatio":1.694915254237288},{"path":"\/sites\/v\/visitsaltdal.com\/files\/2025\/01\/img_0826.jpg?cropToFit=400x235&quality=75","width":400,"height":235,"aspectRatio":1.702127659574468},{"path":"\/sites\/v\/visitsaltdal.com\/files\/2025\/01\/img_0826.jpg?cropToFit=600x353&quality=75","width":600,"height":353,"aspectRatio":1.6997167138810199},{"path":"\/sites\/v\/visitsaltdal.com\/files\/2025\/01\/img_0826.jpg?cropToFit=800x471&quality=75","width":800,"height":471,"aspectRatio":1.6985138004246285},{"path":"\/sites\/v\/visitsaltdal.com\/files\/2025\/01\/img_0826.jpg?cropToFit=1000x588&quality=75","width":1000,"height":588,"aspectRatio":1.7006802721088434},{"path":"\/sites\/v\/visitsaltdal.com\/files\/2025\/01\/img_0826.jpg?cropToFit=1200x706&quality=75","width":1125,"height":662,"aspectRatio":1.6993957703927491}],"image":"\/sites\/v\/visitsaltdal.com\/files\/2025\/01\/img_0826.jpg","aspect":1.694915254237288,"type":"image","description":null},"additionalData":[]},{"classes":["outercol"],"isFavourite":false,"isExternalUrl":{"articleLink":false},"articleListButtonsData":{"buttonsList":[{"label":"Les mer","url":"\/?id=112171&Article=1588","type":"readmore"}],"mode":"default"},"favouriteType":null,"mnu":null,"section":null,"displayId":true,"docId":1588,"identifier":"1588Article","docType":"Article","customDate":false,"teaserData":{"teaserText":"","mode":"default"},"content":{"teaser":"","intro":"Fra 1 - 24 desember lanserte vi Visit Saltdal offisielt med en spennende adventskalender"},"titles":{"main":"Offisiell lansering av Visit Saltdal ","readMoreButton":"Les mer"},"urls":{"readMore":"\/?id=112171&Article=1588","booking":null},"created":{"date":"26.11.2024","time":"19:29","timestamp":1732645789},"introAllowHtml":false,"hasTicket":false,"extra":null,"hasReadMore":true,"media":{"imageData":{"path":"\/sites\/v\/visitsaltdal.com\/files\/2024\/11\/img_9519.jpg","width":1125,"height":1985,"aspectRatio":0.5667506297229219},"previewImageUrl":"\/sites\/v\/visitsaltdal.com\/files\/2024\/11\/img_9519.jpg?cropToFit=100x59&quality=50","imageVariants":[{"path":"\/sites\/v\/visitsaltdal.com\/files\/2024\/11\/img_9519.jpg?cropToFit=100x59&quality=75","width":100,"height":59,"aspectRatio":1.694915254237288},{"path":"\/sites\/v\/visitsaltdal.com\/files\/2024\/11\/img_9519.jpg?cropToFit=200x118&quality=75","width":200,"height":118,"aspectRatio":1.694915254237288},{"path":"\/sites\/v\/visitsaltdal.com\/files\/2024\/11\/img_9519.jpg?cropToFit=400x235&quality=75","width":400,"height":235,"aspectRatio":1.702127659574468},{"path":"\/sites\/v\/visitsaltdal.com\/files\/2024\/11\/img_9519.jpg?cropToFit=600x353&quality=75","width":600,"height":353,"aspectRatio":1.6997167138810199},{"path":"\/sites\/v\/visitsaltdal.com\/files\/2024\/11\/img_9519.jpg?cropToFit=800x471&quality=75","width":800,"height":471,"aspectRatio":1.6985138004246285},{"path":"\/sites\/v\/visitsaltdal.com\/files\/2024\/11\/img_9519.jpg?cropToFit=1000x588&quality=75","width":1000,"height":588,"aspectRatio":1.7006802721088434},{"path":"\/sites\/v\/visitsaltdal.com\/files\/2024\/11\/img_9519.jpg?cropToFit=1200x706&quality=75","width":1125,"height":662,"aspectRatio":1.6993957703927491}],"image":"\/sites\/v\/visitsaltdal.com\/files\/2024\/11\/img_9519.jpg","aspect":1.694915254237288,"type":"image","description":null},"additionalData":[]},{"classes":["outercol"],"isFavourite":false,"isExternalUrl":{"articleLink":false},"articleListButtonsData":{"buttonsList":[{"label":"Les mer","url":"\/?id=112171&Article=1579","type":"readmore"}],"mode":"default"},"favouriteType":null,"mnu":null,"section":null,"displayId":true,"docId":1579,"identifier":"1579Article","docType":"Article","customDate":false,"teaserData":{"teaserText":"","mode":"default"},"content":{"teaser":"","intro":"Endelig er ventetiden over! Til helga braker det l\u00f8s med 2024 utgaven av den tradisjonsrike GRENDECUPEN!\u00a0"},"titles":{"main":"Grendecupen 2024","readMoreButton":"Les mer"},"urls":{"readMore":"\/?id=112171&Article=1579","booking":null},"created":{"date":"07.11.2024","time":"21:14","timestamp":1731010462},"introAllowHtml":false,"hasTicket":false,"extra":null,"hasReadMore":true,"media":{"imageData":{"path":"\/sites\/v\/visitsaltdal.com\/files\/2024\/11\/sports-7405502_1280.jpg","width":1280,"height":880,"aspectRatio":1.4545454545454546},"previewImageUrl":"\/sites\/v\/visitsaltdal.com\/files\/2024\/11\/sports-7405502_1280.jpg?cropToFit=100x59&quality=50","imageVariants":[{"path":"\/sites\/v\/visitsaltdal.com\/files\/2024\/11\/sports-7405502_1280.jpg?cropToFit=100x59&quality=75","width":100,"height":59,"aspectRatio":1.694915254237288},{"path":"\/sites\/v\/visitsaltdal.com\/files\/2024\/11\/sports-7405502_1280.jpg?cropToFit=200x118&quality=75","width":200,"height":118,"aspectRatio":1.694915254237288},{"path":"\/sites\/v\/visitsaltdal.com\/files\/2024\/11\/sports-7405502_1280.jpg?cropToFit=400x235&quality=75","width":400,"height":235,"aspectRatio":1.702127659574468},{"path":"\/sites\/v\/visitsaltdal.com\/files\/2024\/11\/sports-7405502_1280.jpg?cropToFit=600x353&quality=75","width":600,"height":353,"aspectRatio":1.6997167138810199},{"path":"\/sites\/v\/visitsaltdal.com\/files\/2024\/11\/sports-7405502_1280.jpg?cropToFit=800x471&quality=75","width":800,"height":471,"aspectRatio":1.6985138004246285},{"path":"\/sites\/v\/visitsaltdal.com\/files\/2024\/11\/sports-7405502_1280.jpg?cropToFit=1000x588&quality=75","width":1000,"height":588,"aspectRatio":1.7006802721088434},{"path":"\/sites\/v\/visitsaltdal.com\/files\/2024\/11\/sports-7405502_1280.jpg?cropToFit=1200x706&quality=75","width":1200,"height":706,"aspectRatio":1.6997167138810199}],"image":"\/sites\/v\/visitsaltdal.com\/files\/2024\/11\/sports-7405502_1280.jpg","aspect":1.694915254237288,"type":"image","description":null},"additionalData":[]},{"classes":["outercol"],"isFavourite":false,"isExternalUrl":{"articleLink":false},"articleListButtonsData":{"buttonsList":[{"label":"Les mer","url":"\/?id=112171&Article=1240","type":"readmore"}],"mode":"default"},"favouriteType":null,"mnu":null,"section":null,"displayId":true,"docId":1240,"identifier":"1240Article","docType":"Article","customDate":false,"teaserData":{"teaserText":"","mode":"default"},"content":{"teaser":"","intro":""},"titles":{"main":"Visit Saltdal + Visit Norway = Sant\u00a0","readMoreButton":"Les mer"},"urls":{"readMore":"\/?id=112171&Article=1240","booking":null},"created":{"date":"12.10.2024","time":"18:49","timestamp":1728751740},"introAllowHtml":false,"hasTicket":false,"extra":null,"hasReadMore":true,"media":{"imageData":{"path":"\/sites\/v\/visitsaltdal.com\/files\/2024\/10\/Joakim_fisketur_1.jpg","width":1125,"height":1120,"aspectRatio":1.0044642857142858},"previewImageUrl":"\/sites\/v\/visitsaltdal.com\/files\/2024\/10\/Joakim_fisketur_1.jpg?cropToFit=100x59&quality=50","imageVariants":[{"path":"\/sites\/v\/visitsaltdal.com\/files\/2024\/10\/Joakim_fisketur_1.jpg?cropToFit=100x59&quality=75","width":100,"height":59,"aspectRatio":1.694915254237288},{"path":"\/sites\/v\/visitsaltdal.com\/files\/2024\/10\/Joakim_fisketur_1.jpg?cropToFit=200x118&quality=75","width":200,"height":118,"aspectRatio":1.694915254237288},{"path":"\/sites\/v\/visitsaltdal.com\/files\/2024\/10\/Joakim_fisketur_1.jpg?cropToFit=400x235&quality=75","width":400,"height":235,"aspectRatio":1.702127659574468},{"path":"\/sites\/v\/visitsaltdal.com\/files\/2024\/10\/Joakim_fisketur_1.jpg?cropToFit=600x353&quality=75","width":600,"height":353,"aspectRatio":1.6997167138810199},{"path":"\/sites\/v\/visitsaltdal.com\/files\/2024\/10\/Joakim_fisketur_1.jpg?cropToFit=800x471&quality=75","width":800,"height":471,"aspectRatio":1.6985138004246285},{"path":"\/sites\/v\/visitsaltdal.com\/files\/2024\/10\/Joakim_fisketur_1.jpg?cropToFit=1000x588&quality=75","width":1000,"height":588,"aspectRatio":1.7006802721088434},{"path":"\/sites\/v\/visitsaltdal.com\/files\/2024\/10\/Joakim_fisketur_1.jpg?cropToFit=1200x706&quality=75","width":1125,"height":662,"aspectRatio":1.6993957703927491}],"image":"\/sites\/v\/visitsaltdal.com\/files\/2024\/10\/Joakim_fisketur_1.jpg","aspect":1.694915254237288,"type":"image","description":"Glade gutter p\u00e5 fisketur"},"additionalData":[]},{"classes":["outercol"],"isFavourite":false,"isExternalUrl":{"articleLink":false},"articleListButtonsData":{"buttonsList":[{"label":"Les mer","url":"\/?id=112171&Article=1200","type":"readmore"}],"mode":"default"},"favouriteType":null,"mnu":null,"section":null,"displayId":true,"docId":1200,"identifier":"1200Article","docType":"Article","customDate":false,"teaserData":{"teaserText":"","mode":"default"},"content":{"teaser":"","intro":"S\u00f8ndag 1. desember fra 12:00 - 16:00 g\u00e5r det tradisjonsrike arrangementet \"Mat til jul\" av stabelen p\u00e5 Storjord. "},"titles":{"main":"Julemarked \"Mat til jul\" ","readMoreButton":"Les mer"},"urls":{"readMore":"\/?id=112171&Article=1200","booking":null},"created":{"date":"08.10.2024","time":"13:43","timestamp":1728387804},"introAllowHtml":false,"hasTicket":false,"extra":null,"hasReadMore":true,"media":{"imageData":{"path":"\/sites\/v\/visitsaltdal.com\/files\/2024\/10\/img_8453.jpg","width":1125,"height":1376,"aspectRatio":0.8175872093023255},"previewImageUrl":"\/sites\/v\/visitsaltdal.com\/files\/2024\/10\/img_8453.jpg?cropToFit=100x59&quality=50","imageVariants":[{"path":"\/sites\/v\/visitsaltdal.com\/files\/2024\/10\/img_8453.jpg?cropToFit=100x59&quality=75","width":100,"height":59,"aspectRatio":1.694915254237288},{"path":"\/sites\/v\/visitsaltdal.com\/files\/2024\/10\/img_8453.jpg?cropToFit=200x118&quality=75","width":200,"height":118,"aspectRatio":1.694915254237288},{"path":"\/sites\/v\/visitsaltdal.com\/files\/2024\/10\/img_8453.jpg?cropToFit=400x235&quality=75","width":400,"height":235,"aspectRatio":1.702127659574468},{"path":"\/sites\/v\/visitsaltdal.com\/files\/2024\/10\/img_8453.jpg?cropToFit=600x353&quality=75","width":600,"height":353,"aspectRatio":1.6997167138810199},{"path":"\/sites\/v\/visitsaltdal.com\/files\/2024\/10\/img_8453.jpg?cropToFit=800x471&quality=75","width":800,"height":471,"aspectRatio":1.6985138004246285},{"path":"\/sites\/v\/visitsaltdal.com\/files\/2024\/10\/img_8453.jpg?cropToFit=1000x588&quality=75","width":1000,"height":588,"aspectRatio":1.7006802721088434},{"path":"\/sites\/v\/visitsaltdal.com\/files\/2024\/10\/img_8453.jpg?cropToFit=1200x706&quality=75","width":1125,"height":662,"aspectRatio":1.6993957703927491}],"image":"\/sites\/v\/visitsaltdal.com\/files\/2024\/10\/img_8453.jpg","aspect":1.694915254237288,"type":"image","description":"Laila og Kari sitter \u00e5 drikker kaffe utenfor Nordland Nasjonalparksenter "},"additionalData":[]},{"classes":["outercol"],"isFavourite":false,"isExternalUrl":{"articleLink":false},"articleListButtonsData":{"buttonsList":[{"label":"Les mer","url":"\/?id=112171&Article=1198","type":"readmore"}],"mode":"default"},"favouriteType":null,"mnu":null,"section":null,"displayId":true,"docId":1198,"identifier":"1198Article","docType":"Article","customDate":false,"teaserData":{"teaserText":"","mode":"default"},"content":{"teaser":"","intro":"24. Oktober kl 18:00 er det igjen klart for fellestur elvelangs fra Nyg\u00e5rd til Nerauran "},"titles":{"main":"Elvelangs 2024","readMoreButton":"Les mer"},"urls":{"readMore":"\/?id=112171&Article=1198","booking":null},"created":{"date":"08.10.2024","time":"13:32","timestamp":1728387129},"introAllowHtml":false,"hasTicket":false,"extra":null,"hasReadMore":true,"media":{"imageData":{"path":"\/sites\/v\/visitsaltdal.com\/files\/2024\/10\/img_8322.jpg","width":1125,"height":1123,"aspectRatio":1.0017809439002672},"previewImageUrl":"\/sites\/v\/visitsaltdal.com\/files\/2024\/10\/img_8322.jpg?cropToFit=100x59&quality=50","imageVariants":[{"path":"\/sites\/v\/visitsaltdal.com\/files\/2024\/10\/img_8322.jpg?cropToFit=100x59&quality=75","width":100,"height":59,"aspectRatio":1.694915254237288},{"path":"\/sites\/v\/visitsaltdal.com\/files\/2024\/10\/img_8322.jpg?cropToFit=200x118&quality=75","width":200,"height":118,"aspectRatio":1.694915254237288},{"path":"\/sites\/v\/visitsaltdal.com\/files\/2024\/10\/img_8322.jpg?cropToFit=400x235&quality=75","width":400,"height":235,"aspectRatio":1.702127659574468},{"path":"\/sites\/v\/visitsaltdal.com\/files\/2024\/10\/img_8322.jpg?cropToFit=600x353&quality=75","width":600,"height":353,"aspectRatio":1.6997167138810199},{"path":"\/sites\/v\/visitsaltdal.com\/files\/2024\/10\/img_8322.jpg?cropToFit=800x471&quality=75","width":800,"height":471,"aspectRatio":1.6985138004246285},{"path":"\/sites\/v\/visitsaltdal.com\/files\/2024\/10\/img_8322.jpg?cropToFit=1000x588&quality=75","width":1000,"height":588,"aspectRatio":1.7006802721088434},{"path":"\/sites\/v\/visitsaltdal.com\/files\/2024\/10\/img_8322.jpg?cropToFit=1200x706&quality=75","width":1125,"height":662,"aspectRatio":1.6993957703927491}],"image":"\/sites\/v\/visitsaltdal.com\/files\/2024\/10\/img_8322.jpg","aspect":1.694915254237288,"type":"image","description":"Bilde av mennesker som g\u00e5r med fakler elvelangs"},"additionalData":[]},{"classes":["outercol"],"isFavourite":false,"isExternalUrl":{"articleLink":false},"articleListButtonsData":{"buttonsList":[{"label":"Les mer","url":"\/?id=112171&Article=794","type":"readmore"}],"mode":"default"},"favouriteType":null,"mnu":null,"section":null,"displayId":true,"docId":794,"identifier":"794Article","docType":"Article","customDate":false,"teaserData":{"teaserText":"","mode":"default"},"content":{"teaser":"","intro":"Hva med en topptur til Solv\u00e5gtind eller Nord Saulo? Eller kanskje den 650 km lange Nordlandsruta frister? "},"titles":{"main":"V\u00e5re 3 beste turforslag til sprekingen! ","readMoreButton":"Les mer"},"urls":{"readMore":"\/?id=112171&Article=794","booking":null},"created":{"date":"12.08.2024","time":"21:57","timestamp":1723492620},"introAllowHtml":false,"hasTicket":false,"extra":null,"hasReadMore":true,"media":{"imageData":{"path":"\/sites\/v\/visitsaltdal.com\/files\/2024\/07\/saltfjellet_landskapsvernomr__det.jpg","width":1080,"height":608,"aspectRatio":1.7763157894736843},"previewImageUrl":"\/sites\/v\/visitsaltdal.com\/files\/2024\/07\/saltfjellet_landskapsvernomr__det.jpg?cropToFit=100x59&quality=50","imageVariants":[{"path":"\/sites\/v\/visitsaltdal.com\/files\/2024\/07\/saltfjellet_landskapsvernomr__det.jpg?cropToFit=100x59&quality=75","width":100,"height":59,"aspectRatio":1.694915254237288},{"path":"\/sites\/v\/visitsaltdal.com\/files\/2024\/07\/saltfjellet_landskapsvernomr__det.jpg?cropToFit=200x118&quality=75","width":200,"height":118,"aspectRatio":1.694915254237288},{"path":"\/sites\/v\/visitsaltdal.com\/files\/2024\/07\/saltfjellet_landskapsvernomr__det.jpg?cropToFit=400x235&quality=75","width":400,"height":235,"aspectRatio":1.702127659574468},{"path":"\/sites\/v\/visitsaltdal.com\/files\/2024\/07\/saltfjellet_landskapsvernomr__det.jpg?cropToFit=600x353&quality=75","width":600,"height":353,"aspectRatio":1.6997167138810199},{"path":"\/sites\/v\/visitsaltdal.com\/files\/2024\/07\/saltfjellet_landskapsvernomr__det.jpg?cropToFit=800x471&quality=75","width":800,"height":471,"aspectRatio":1.6985138004246285},{"path":"\/sites\/v\/visitsaltdal.com\/files\/2024\/07\/saltfjellet_landskapsvernomr__det.jpg?cropToFit=1000x588&quality=75","width":1000,"height":588,"aspectRatio":1.7006802721088434},{"path":"\/sites\/v\/visitsaltdal.com\/files\/2024\/07\/saltfjellet_landskapsvernomr__det.jpg?cropToFit=1200x706&quality=75","width":1033,"height":608,"aspectRatio":1.699013157894737}],"image":"\/sites\/v\/visitsaltdal.com\/files\/2024\/07\/saltfjellet_landskapsvernomr__det.jpg","aspect":1.694915254237288,"type":"image","description":null},"additionalData":[]},{"classes":["outercol"],"isFavourite":false,"isExternalUrl":{"articleLink":false},"articleListButtonsData":{"buttonsList":[{"label":"Les mer","url":"\/?id=112171&Article=790","type":"readmore"}],"mode":"default"},"favouriteType":null,"mnu":null,"section":null,"displayId":true,"docId":790,"identifier":"790Article","docType":"Article","customDate":false,"teaserData":{"teaserText":"","mode":"default"},"content":{"teaser":"","intro":"Du kan ikke bes\u00f8ke Salten uten \u00e5 teste den klassiske m\u00f8sbr\u00f8mlefsen! I all beskjedenhet mener vi at du finner den beste lefsa i Saltdal!  Her har vi samlet alt du trenger og vite om m\u00f8sbr\u00f8mlefsen! "},"titles":{"main":"Den ikoniske m\u00f8sbr\u00f8mlefsa! ","readMoreButton":"Les mer"},"urls":{"readMore":"\/?id=112171&Article=790","booking":null},"created":{"date":"12.08.2024","time":"21:32","timestamp":1723491120},"introAllowHtml":false,"hasTicket":false,"extra":null,"hasReadMore":true,"media":{"imageData":{"path":"\/sites\/v\/visitsaltdal.com\/files\/2024\/07\/saltenhygge_jul_fotografkarolineoapettersen_140_-2.jpg","width":1654,"height":930,"aspectRatio":1.778494623655914},"previewImageUrl":"\/sites\/v\/visitsaltdal.com\/files\/2024\/07\/saltenhygge_jul_fotografkarolineoapettersen_140_-2.jpg?cropToFit=100x59&quality=50","imageVariants":[{"path":"\/sites\/v\/visitsaltdal.com\/files\/2024\/07\/saltenhygge_jul_fotografkarolineoapettersen_140_-2.jpg?cropToFit=100x59&quality=75","width":100,"height":59,"aspectRatio":1.694915254237288},{"path":"\/sites\/v\/visitsaltdal.com\/files\/2024\/07\/saltenhygge_jul_fotografkarolineoapettersen_140_-2.jpg?cropToFit=200x118&quality=75","width":200,"height":118,"aspectRatio":1.694915254237288},{"path":"\/sites\/v\/visitsaltdal.com\/files\/2024\/07\/saltenhygge_jul_fotografkarolineoapettersen_140_-2.jpg?cropToFit=400x235&quality=75","width":400,"height":235,"aspectRatio":1.702127659574468},{"path":"\/sites\/v\/visitsaltdal.com\/files\/2024\/07\/saltenhygge_jul_fotografkarolineoapettersen_140_-2.jpg?cropToFit=600x353&quality=75","width":600,"height":353,"aspectRatio":1.6997167138810199},{"path":"\/sites\/v\/visitsaltdal.com\/files\/2024\/07\/saltenhygge_jul_fotografkarolineoapettersen_140_-2.jpg?cropToFit=800x471&quality=75","width":800,"height":471,"aspectRatio":1.6985138004246285},{"path":"\/sites\/v\/visitsaltdal.com\/files\/2024\/07\/saltenhygge_jul_fotografkarolineoapettersen_140_-2.jpg?cropToFit=1000x588&quality=75","width":1000,"height":588,"aspectRatio":1.7006802721088434},{"path":"\/sites\/v\/visitsaltdal.com\/files\/2024\/07\/saltenhygge_jul_fotografkarolineoapettersen_140_-2.jpg?cropToFit=1200x706&quality=75","width":1200,"height":706,"aspectRatio":1.6997167138810199}],"image":"\/sites\/v\/visitsaltdal.com\/files\/2024\/07\/saltenhygge_jul_fotografkarolineoapettersen_140_-2.jpg","aspect":1.694915254237288,"type":"image","description":"2 kvinner som baker norske lefser"},"additionalData":[]},{"classes":["outercol"],"isFavourite":false,"isExternalUrl":{"articleLink":false},"articleListButtonsData":{"buttonsList":[{"label":"Les mer","url":"\/?id=112171&Article=110","type":"readmore"}],"mode":"default"},"favouriteType":null,"mnu":null,"section":null,"displayId":true,"docId":110,"identifier":"110Article","docType":"Article","customDate":false,"teaserData":{"teaserText":"","mode":"default"},"content":{"teaser":"","intro":"Visit Saltdal tok fra sommeren 2024 over for den manuelle turistinformasjonen i Saltdal kommune! "},"titles":{"main":"Digitalisert turistinformasjon! ","readMoreButton":"Les mer"},"urls":{"readMore":"\/?id=112171&Article=110","booking":null},"created":{"date":"30.07.2024","time":"09:11","timestamp":1722323460},"introAllowHtml":false,"hasTicket":false,"extra":null,"hasReadMore":true,"media":{"imageData":{"path":"\/sites\/v\/visitsaltdal.com\/files\/2024\/08\/ordf__rern.jpg","width":1500,"height":1210,"aspectRatio":1.2396694214876034},"previewImageUrl":"\/sites\/v\/visitsaltdal.com\/files\/2024\/08\/ordf__rern.jpg?cropToFit=100x59&quality=50","imageVariants":[{"path":"\/sites\/v\/visitsaltdal.com\/files\/2024\/08\/ordf__rern.jpg?cropToFit=100x59&quality=75","width":100,"height":59,"aspectRatio":1.694915254237288},{"path":"\/sites\/v\/visitsaltdal.com\/files\/2024\/08\/ordf__rern.jpg?cropToFit=200x118&quality=75","width":200,"height":118,"aspectRatio":1.694915254237288},{"path":"\/sites\/v\/visitsaltdal.com\/files\/2024\/08\/ordf__rern.jpg?cropToFit=400x235&quality=75","width":400,"height":235,"aspectRatio":1.702127659574468},{"path":"\/sites\/v\/visitsaltdal.com\/files\/2024\/08\/ordf__rern.jpg?cropToFit=600x353&quality=75","width":600,"height":353,"aspectRatio":1.6997167138810199},{"path":"\/sites\/v\/visitsaltdal.com\/files\/2024\/08\/ordf__rern.jpg?cropToFit=800x471&quality=75","width":800,"height":471,"aspectRatio":1.6985138004246285},{"path":"\/sites\/v\/visitsaltdal.com\/files\/2024\/08\/ordf__rern.jpg?cropToFit=1000x588&quality=75","width":1000,"height":588,"aspectRatio":1.7006802721088434},{"path":"\/sites\/v\/visitsaltdal.com\/files\/2024\/08\/ordf__rern.jpg?cropToFit=1200x706&quality=75","width":1200,"height":706,"aspectRatio":1.6997167138810199}],"image":"\/sites\/v\/visitsaltdal.com\/files\/2024\/08\/ordf__rern.jpg","aspect":1.694915254237288,"type":"image","description":"Bilde av ordf\u00f8rer i Saltdal Kommune "},"additionalData":[]},{"classes":["outercol"],"isFavourite":false,"isExternalUrl":{"articleLink":false},"articleListButtonsData":{"buttonsList":[{"label":"Les mer","url":"\/?id=112171&Article=109","type":"readmore"}],"mode":"default"},"favouriteType":null,"mnu":null,"section":null,"displayId":true,"docId":109,"identifier":"109Article","docType":"Article","customDate":false,"teaserData":{"teaserText":"","mode":"default"},"content":{"teaser":"","intro":"Vi gleder oss til \u00e5 \u00f8nske alle velkommen til 2024 utgaven av Rognandagan! Som vanlig blir det mange ulike arrangementer, boder med god mat og moro for hele familien! "},"titles":{"main":"23 - 24 August - Rognandagan","readMoreButton":"Les mer"},"urls":{"readMore":"\/?id=112171&Article=109","booking":null},"created":{"date":"30.07.2024","time":"09:10","timestamp":1722323400},"introAllowHtml":false,"hasTicket":false,"extra":null,"hasReadMore":true,"media":{"imageData":{"path":"\/sites\/v\/visitsaltdal.com\/files\/2024\/08\/treba__ter_jentoft.jpg","width":2048,"height":1538,"aspectRatio":1.3315994798439532},"previewImageUrl":"\/sites\/v\/visitsaltdal.com\/files\/2024\/08\/treba__ter_jentoft.jpg?cropToFit=100x59&quality=50","imageVariants":[{"path":"\/sites\/v\/visitsaltdal.com\/files\/2024\/08\/treba__ter_jentoft.jpg?cropToFit=100x59&quality=75","width":100,"height":59,"aspectRatio":1.694915254237288},{"path":"\/sites\/v\/visitsaltdal.com\/files\/2024\/08\/treba__ter_jentoft.jpg?cropToFit=200x118&quality=75","width":200,"height":118,"aspectRatio":1.694915254237288},{"path":"\/sites\/v\/visitsaltdal.com\/files\/2024\/08\/treba__ter_jentoft.jpg?cropToFit=400x235&quality=75","width":400,"height":235,"aspectRatio":1.702127659574468},{"path":"\/sites\/v\/visitsaltdal.com\/files\/2024\/08\/treba__ter_jentoft.jpg?cropToFit=600x353&quality=75","width":600,"height":353,"aspectRatio":1.6997167138810199},{"path":"\/sites\/v\/visitsaltdal.com\/files\/2024\/08\/treba__ter_jentoft.jpg?cropToFit=800x471&quality=75","width":800,"height":471,"aspectRatio":1.6985138004246285},{"path":"\/sites\/v\/visitsaltdal.com\/files\/2024\/08\/treba__ter_jentoft.jpg?cropToFit=1000x588&quality=75","width":1000,"height":588,"aspectRatio":1.7006802721088434},{"path":"\/sites\/v\/visitsaltdal.com\/files\/2024\/08\/treba__ter_jentoft.jpg?cropToFit=1200x706&quality=75","width":1200,"height":706,"aspectRatio":1.6997167138810199}],"image":"\/sites\/v\/visitsaltdal.com\/files\/2024\/08\/treba__ter_jentoft.jpg","aspect":1.694915254237288,"type":"image","description":"Fire treb\u00e5ter, sjarker, som ligger ved siden av hverandre p\u00e5 Rognan"},"additionalData":[]},{"classes":["outercol"],"isFavourite":false,"isExternalUrl":{"articleLink":false},"articleListButtonsData":{"buttonsList":[{"label":"Les mer","url":"\/?id=112171&Article=108","type":"readmore"}],"mode":"default"},"favouriteType":null,"mnu":null,"section":null,"displayId":true,"docId":108,"identifier":"108Article","docType":"Article","customDate":false,"teaserData":{"teaserText":"","mode":"default"},"content":{"teaser":"","intro":"4. - 7- August ble \u00e5rets utgave av Arctic Race of Norway arrangert i Salten. Saltdal var en av vertskommunene"},"titles":{"main":"Arctic Race of Norway ","readMoreButton":"Les mer"},"urls":{"readMore":"\/?id=112171&Article=108","booking":null},"created":{"date":"30.07.2024","time":"09:09","timestamp":1722323340},"introAllowHtml":false,"hasTicket":false,"extra":null,"hasReadMore":true,"media":{"imageData":{"path":"\/sites\/v\/visitsaltdal.com\/files\/2024\/08\/arn_bilde_vinner_tommy_pettersen.jpg","width":2048,"height":1368,"aspectRatio":1.4970760233918128},"previewImageUrl":"\/sites\/v\/visitsaltdal.com\/files\/2024\/08\/arn_bilde_vinner_tommy_pettersen.jpg?cropToFit=100x59&quality=50","imageVariants":[{"path":"\/sites\/v\/visitsaltdal.com\/files\/2024\/08\/arn_bilde_vinner_tommy_pettersen.jpg?cropToFit=100x59&quality=75","width":100,"height":59,"aspectRatio":1.694915254237288},{"path":"\/sites\/v\/visitsaltdal.com\/files\/2024\/08\/arn_bilde_vinner_tommy_pettersen.jpg?cropToFit=200x118&quality=75","width":200,"height":118,"aspectRatio":1.694915254237288},{"path":"\/sites\/v\/visitsaltdal.com\/files\/2024\/08\/arn_bilde_vinner_tommy_pettersen.jpg?cropToFit=400x235&quality=75","width":400,"height":235,"aspectRatio":1.702127659574468},{"path":"\/sites\/v\/visitsaltdal.com\/files\/2024\/08\/arn_bilde_vinner_tommy_pettersen.jpg?cropToFit=600x353&quality=75","width":600,"height":353,"aspectRatio":1.6997167138810199},{"path":"\/sites\/v\/visitsaltdal.com\/files\/2024\/08\/arn_bilde_vinner_tommy_pettersen.jpg?cropToFit=800x471&quality=75","width":800,"height":471,"aspectRatio":1.6985138004246285},{"path":"\/sites\/v\/visitsaltdal.com\/files\/2024\/08\/arn_bilde_vinner_tommy_pettersen.jpg?cropToFit=1000x588&quality=75","width":1000,"height":588,"aspectRatio":1.7006802721088434},{"path":"\/sites\/v\/visitsaltdal.com\/files\/2024\/08\/arn_bilde_vinner_tommy_pettersen.jpg?cropToFit=1200x706&quality=75","width":1200,"height":706,"aspectRatio":1.6997167138810199}],"image":"\/sites\/v\/visitsaltdal.com\/files\/2024\/08\/arn_bilde_vinner_tommy_pettersen.jpg","aspect":1.694915254237288,"type":"image","description":"Bilde av vinneren av ARN 2024 i det han sykler i m\u00e5l "},"additionalData":[]}],"pages":[1],"currentPage":1,"sections":[]}